{"id":11610,"date":"2024-08-29T11:06:55","date_gmt":"2024-08-29T09:06:55","guid":{"rendered":"https:\/\/hemslojdeniskanesbutik.se\/produkt\/broderade-vantar-2\/"},"modified":"2024-08-29T11:06:55","modified_gmt":"2024-08-29T09:06:55","slug":"broderade-vantar-2","status":"publish","type":"product","link":"https:\/\/hemslojdeniskanesbutik.se\/en\/produkt\/broderade-vantar-2\/","title":{"rendered":"Broderade vantar"},"content":{"rendered":"<p>Broderade vantar <em>Folklig tradition  nutida hantverk<\/em><\/p>\n<p><em><br \/>\n<\/em><span style=\"font-family: var(--global-body-font-family);\">F\u00f6rgyll din garderob med ett par f\u00e4rgsprakande broderade vantar &#8211; de enda verktyg du egentligen beh\u00f6ver \u00e4r n\u00e5l, tr\u00e5d och sax! <\/span><span style=\"font-family: var(--global-body-font-family);\">Det h\u00e4r \u00e4r n\u00e5got s\u00e5 ovanligt som en vantbok helt utan stickning. L\u00e4r dig sy och brodera vantar med historiska f\u00f6rlagor eller komponera nya med avstamp i Sveriges rika textila tradition. L\u00e4r dig \u00e4ldre s\u00f6mnadstekniker, broderistygn, m\u00f6nster\u00f6verf\u00f6ring och hur du kan skapa egna m\u00f6nster. Du f\u00e5r tips om vilka material du kan kika efter p\u00e5 loppis om du inte vill k\u00f6pa mer kostsamma i butik. En del vantmodeller l\u00e4mpar sig b\u00e4st f\u00f6r hands\u00f6mnad medan andra fungerar bra att sy p\u00e5 symaskin, totalt inneh\u00e5ller boken 18 m\u00f6nster och broderier.    <\/span><\/p>\n<div class=\"umb-block-grid\" data-grid-columns=\"12;\">\n<div class=\"umb-block-grid__layout-container\">\n<div class=\"umb-block-grid__layout-item\" data-content-element-type-alias=\"systemKomponentLayoutBlock\" data-content-element-type-key=\"29ff96ac-65f3-41c0-bd64-99a3073f9f4f\" data-element-udi=\"umb:\/\/element\/a1c5bcf8e65c4ec5815f3d50a750ef5d\" data-col-span=\"12\" data-row-span=\"1\">\n<section class=\"xBackground fsys-layout-block\">\n<div class=\"container\">\n<div class=\"row\">\n<div class=\"col-xs-12 col-sm-12 col-md-12\">\n<div class=\"umb-block-grid__area\" data-area-col-span=\"12\" data-area-row-span=\"1\" data-area-alias=\"Helrad\">\n<div class=\"umb-block-grid__layout-container\">\n<div class=\"umb-block-grid__layout-item\" data-content-element-type-alias=\"artikelBlock\" data-content-element-type-key=\"3b4e3d9f-583c-4130-8387-3beaa90a8a26\" data-element-udi=\"umb:\/\/element\/0dfdd0f8279642fe8ddd1ef64dcfacbd\" data-col-span=\"12\" data-row-span=\"1\">\n<section class=\"fsys-block-banner\">\n<div class=\"container\">\n<div class=\"row\">\n<div class=\"col-md-12\"> Om du \u00e4r nyfiken p\u00e5 folkdr\u00e4kt och traditionella m\u00f6nster men tycker att en hel dr\u00e4kt \u00e4r \u00f6verm\u00e4ktigt \u00e4r vantar den perfekta starten. Dessa vantar kan anv\u00e4ndas till vanliga kl\u00e4der b\u00e5de till vardag och fest och fungerar lika bra till de slitna jeansen som till finkappan. Du beh\u00f6ver inte vara r\u00e4dd att det ska bli snett och vint, spretigt eller kitschigt f\u00e4rgmatchat &#8211; det \u00e4r ist\u00e4llet en stor del av charmen. Lina Odell \u00e4r utbildad inom s\u00e5v\u00e4l modern s\u00f6mnad och m\u00f6nsterkonstruktion som folklig s\u00f6mnad och skr\u00e4dderi. Hon driver sitt f\u00f6retag Krusa, arbetar som textill\u00e4rare p\u00e5 Blekinge folkh\u00f6gskola och \u00e4r en flitigt anlitad f\u00f6redragsh\u00e5llare och kursledare. 2021 blev hon f\u00f6rst i Sverige med att ta ges\u00e4llbrev i dr\u00e4kts\u00f6mnadsyrket. Hennes skapande r\u00f6r sig fritt mellan konst, traditionsbunden sl\u00f6jd och nyskapande, alltid med en grund i Sveriges rika textila folkliga tradition.       <\/div>\n<\/div>\n<\/div>\n<\/section>\n<\/div>\n<\/div>\n<\/div>\n<\/div>\n<\/div>\n<\/div>\n<\/section>\n<\/div>\n<div class=\"umb-block-grid__layout-item\" data-content-element-type-alias=\"bannerBlock\" data-content-element-type-key=\"9c18e977-4322-435f-8df6-abf2fe962476\" data-element-udi=\"umb:\/\/element\/481b4264918743898b0bc30be86f3f2b\" data-col-span=\"12\" data-row-span=\"1\">\n<section class=\"banner\">\n<div class=\"container\">\n<div class=\"row\">\n<div class=\"header\">\n<h1><\/h1>\n<p>&nbsp;<\/p>\n<\/div>\n<\/div>\n<\/div>\n<\/section>\n<\/div>\n<\/div>\n<\/div>\n<footer class=\"footer\">\n<div class=\"container\">\n<div class=\"footer-row\">\n<div class=\"footer-col footer-text\">\n<div class=\"umb-block-grid__area\" data-area-col-span=\"2\" data-area-row-span=\"1\" data-area-alias=\"one\">\n<div class=\"umb-block-grid__layout-container\">\n<div class=\"umb-block-grid__layout-item\" data-content-element-type-alias=\"umbBlockGridDemoRichTextBlock\" data-content-element-type-key=\"ed993605-8549-445f-98af-19fa034bdd45\" data-element-udi=\"umb:\/\/element\/79121732ca3042ff8fe978b22596a39b\" data-col-span=\"2\" data-row-span=\"1\">\n<div class=\"footer-header\">\n<h2><img loading=\"lazy\" decoding=\"async\" src=\"https:\/\/www.fsbutiken.se\/media\/yuhp41il\/logo_forlagssystem_vit_fsbutiken_188.svg?rmode=max&amp;width=188&amp;height=30\" alt=\"\" width=\"188\" height=\"30\"><\/h2>\n<\/div>\n<\/div>\n<\/div>\n<\/div>\n<\/div>\n<div class=\"footer-col footer-text\">\n<div class=\"umb-block-grid__area\" data-area-col-span=\"1\" data-area-row-span=\"1\" data-area-alias=\"two\">\n<div class=\"umb-block-grid__layout-container\">\n<div class=\"umb-block-grid__layout-item\" data-content-element-type-alias=\"umbBlockGridDemoRichTextBlock\" data-content-element-type-key=\"ed993605-8549-445f-98af-19fa034bdd45\" data-element-udi=\"umb:\/\/element\/78fe3072a68c4b8aa91c6b59608901ea\" data-col-span=\"1\" data-row-span=\"1\">\n<div class=\"footer-header\"><\/div>\n<\/div>\n<\/div>\n<\/div>\n<\/div>\n<div class=\"footer-col footer-text\">\n<div class=\"umb-block-grid__area\" data-area-col-span=\"1\" data-area-row-span=\"1\" data-area-alias=\"four\">\n<div class=\"umb-block-grid__layout-container\">\n<div class=\"umb-block-grid__layout-item\" data-content-element-type-alias=\"umbBlockGridDemoRichTextBlock\" data-content-element-type-key=\"ed993605-8549-445f-98af-19fa034bdd45\" data-element-udi=\"umb:\/\/element\/38d93bf51c8943d4885269e413ea43b1\" data-col-span=\"1\" data-row-span=\"1\">\n<div><\/div>\n<\/div>\n<\/div>\n<\/div>\n<\/div>\n<\/div>\n<div class=\"footer-row footer-text copyright-row\">\n<div class=\"umb-block-grid__area\" data-area-col-span=\"5\" data-area-row-span=\"1\" data-area-alias=\"copyright\">\n<div class=\"umb-block-grid__layout-container\">\n<div class=\"umb-block-grid__layout-item\" data-content-element-type-alias=\"umbBlockGridDemoRichTextBlock\" data-content-element-type-key=\"ed993605-8549-445f-98af-19fa034bdd45\" data-element-udi=\"umb:\/\/element\/f90cb8cdf9e54f12aecb077b8377df79\" data-col-span=\"4\" data-row-span=\"1\">\n<div>\n<p>&nbsp;<\/p>\n<\/div>\n<\/div>\n<\/div>\n<\/div>\n<\/div>\n<\/div>\n<\/footer>\n<p>&nbsp;<\/p>\n<div id=\"imbox-container\">\n<div id=\"imbox-wrapper-2773\" class=\"imbox-wrapper\">\n<div id=\"imbox-container2773\">\n<div id=\"zoid-imbox-widget-uid_0b41496720_mdg6ndc6ndu\">\n<div id=\"frame-container-zoid-imbox-widget-uid_0b41496720_mdg6ndc6ndu\" class=\"imbox-frame imbox-show imbox-notification\"><\/div>\n<\/div>\n<\/div>\n<\/div>\n<\/div>\n","protected":false},"excerpt":{"rendered":"<p>F\u00f6rfattare: Lina Odell Fotograf: Calle Stoltz Utgiven: 2024 Antal sidor: 151<\/p>\n","protected":false},"featured_media":11608,"template":"","meta":{"_kad_blocks_custom_css":"","_kad_blocks_head_custom_js":"","_kad_blocks_body_custom_js":"","_kad_blocks_footer_custom_js":"","_kad_post_transparent":"","_kad_post_title":"","_kad_post_layout":"","_kad_post_sidebar_id":"","_kad_post_content_style":"","_kad_post_vertical_padding":"","_kad_post_feature":"","_kad_post_feature_position":"","_kad_post_header":false,"_kad_post_footer":false,"_kad_post_classname":""},"product_brand":[],"product_cat":[883],"product_tag":[],"class_list":{"0":"post-11610","1":"product","2":"type-product","3":"status-publish","4":"has-post-thumbnail","6":"product_cat-books","8":"first","9":"instock","10":"taxable","11":"shipping-taxable","12":"purchasable","13":"product-type-simple","14":"entry","15":"content-bg","16":"loop-entry"},"yoast_head":"<!-- This site is optimized with the Yoast SEO plugin v27.5 - https:\/\/yoast.com\/product\/yoast-seo-wordpress\/ -->\n<title>Broderade vantar - Hemsl\u00f6jden i Sk\u00e5nes butik<\/title>\n<meta name=\"robots\" content=\"index, follow, max-snippet:-1, max-image-preview:large, max-video-preview:-1\" \/>\n<link rel=\"canonical\" href=\"https:\/\/hemslojdeniskanesbutik.se\/en\/produkt\/broderade-vantar-2\/\" \/>\n<meta property=\"og:locale\" content=\"en_US\" \/>\n<meta property=\"og:type\" content=\"article\" \/>\n<meta property=\"og:title\" content=\"Broderade vantar - Hemsl\u00f6jden i Sk\u00e5nes butik\" \/>\n<meta property=\"og:description\" content=\"F\u00f6rfattare: Lina Odell Fotograf: Calle Stoltz Utgiven: 2024 Antal sidor: 151\" \/>\n<meta property=\"og:url\" content=\"https:\/\/hemslojdeniskanesbutik.se\/en\/produkt\/broderade-vantar-2\/\" \/>\n<meta property=\"og:site_name\" content=\"Hemsl\u00f6jden i Sk\u00e5nes butik\" \/>\n<meta property=\"article:publisher\" content=\"http:\/\/facebook.com\/hemslojdenskaneAB\" \/>\n<meta property=\"og:image\" content=\"https:\/\/hemslojdeniskanesbutik.se\/wp-content\/uploads\/2024\/08\/Broderade-vantar-scaled.jpg\" \/>\n\t<meta property=\"og:image:width\" content=\"1865\" \/>\n\t<meta property=\"og:image:height\" content=\"2560\" \/>\n\t<meta property=\"og:image:type\" content=\"image\/jpeg\" \/>\n<meta name=\"twitter:card\" content=\"summary_large_image\" \/>\n<meta name=\"twitter:label1\" content=\"Est. reading time\" \/>\n\t<meta name=\"twitter:data1\" content=\"2 minutes\" \/>\n<script type=\"application\/ld+json\" class=\"yoast-schema-graph\">{\"@context\":\"https:\\\/\\\/schema.org\",\"@graph\":[{\"@type\":\"WebPage\",\"@id\":\"https:\\\/\\\/hemslojdeniskanesbutik.se\\\/en\\\/produkt\\\/broderade-vantar-2\\\/\",\"url\":\"https:\\\/\\\/hemslojdeniskanesbutik.se\\\/en\\\/produkt\\\/broderade-vantar-2\\\/\",\"name\":\"Broderade vantar - Hemsl\u00f6jden i Sk\u00e5nes butik\",\"isPartOf\":{\"@id\":\"https:\\\/\\\/hemslojdeniskanesbutik.se\\\/en\\\/#website\"},\"primaryImageOfPage\":{\"@id\":\"https:\\\/\\\/hemslojdeniskanesbutik.se\\\/en\\\/produkt\\\/broderade-vantar-2\\\/#primaryimage\"},\"image\":{\"@id\":\"https:\\\/\\\/hemslojdeniskanesbutik.se\\\/en\\\/produkt\\\/broderade-vantar-2\\\/#primaryimage\"},\"thumbnailUrl\":\"https:\\\/\\\/hemslojdeniskanesbutik.se\\\/wp-content\\\/uploads\\\/2024\\\/08\\\/Broderade-vantar-scaled.jpg\",\"datePublished\":\"2024-08-29T09:06:55+00:00\",\"breadcrumb\":{\"@id\":\"https:\\\/\\\/hemslojdeniskanesbutik.se\\\/en\\\/produkt\\\/broderade-vantar-2\\\/#breadcrumb\"},\"inLanguage\":\"en-US\",\"potentialAction\":[{\"@type\":\"ReadAction\",\"target\":[\"https:\\\/\\\/hemslojdeniskanesbutik.se\\\/en\\\/produkt\\\/broderade-vantar-2\\\/\"]}]},{\"@type\":\"ImageObject\",\"inLanguage\":\"en-US\",\"@id\":\"https:\\\/\\\/hemslojdeniskanesbutik.se\\\/en\\\/produkt\\\/broderade-vantar-2\\\/#primaryimage\",\"url\":\"https:\\\/\\\/hemslojdeniskanesbutik.se\\\/wp-content\\\/uploads\\\/2024\\\/08\\\/Broderade-vantar-scaled.jpg\",\"contentUrl\":\"https:\\\/\\\/hemslojdeniskanesbutik.se\\\/wp-content\\\/uploads\\\/2024\\\/08\\\/Broderade-vantar-scaled.jpg\",\"width\":1865,\"height\":2560,\"caption\":\"LEADTOOLS v19.0\"},{\"@type\":\"BreadcrumbList\",\"@id\":\"https:\\\/\\\/hemslojdeniskanesbutik.se\\\/en\\\/produkt\\\/broderade-vantar-2\\\/#breadcrumb\",\"itemListElement\":[{\"@type\":\"ListItem\",\"position\":1,\"name\":\"Start\",\"item\":\"https:\\\/\\\/hemslojdeniskanesbutik.se\\\/en\\\/\"},{\"@type\":\"ListItem\",\"position\":2,\"name\":\"Shop\",\"item\":\"https:\\\/\\\/hemslojdeniskanesbutik.se\\\/en\\\/shop\\\/\"},{\"@type\":\"ListItem\",\"position\":3,\"name\":\"Books\",\"item\":\"https:\\\/\\\/hemslojdeniskanesbutik.se\\\/en\\\/product-category\\\/books\\\/\"},{\"@type\":\"ListItem\",\"position\":4,\"name\":\"Broderade vantar\"}]},{\"@type\":\"WebSite\",\"@id\":\"https:\\\/\\\/hemslojdeniskanesbutik.se\\\/en\\\/#website\",\"url\":\"https:\\\/\\\/hemslojdeniskanesbutik.se\\\/en\\\/\",\"name\":\"Hemsl\u00f6jden i Sk\u00e5nes butik\",\"description\":\"Hemsl\u00f6jden i Sk\u00e5nes butik\",\"publisher\":{\"@id\":\"https:\\\/\\\/hemslojdeniskanesbutik.se\\\/en\\\/#organization\"},\"potentialAction\":[{\"@type\":\"SearchAction\",\"target\":{\"@type\":\"EntryPoint\",\"urlTemplate\":\"https:\\\/\\\/hemslojdeniskanesbutik.se\\\/en\\\/?s={search_term_string}\"},\"query-input\":{\"@type\":\"PropertyValueSpecification\",\"valueRequired\":true,\"valueName\":\"search_term_string\"}}],\"inLanguage\":\"en-US\"},{\"@type\":\"Organization\",\"@id\":\"https:\\\/\\\/hemslojdeniskanesbutik.se\\\/en\\\/#organization\",\"name\":\"Hemsl\u00f6jden i Sk\u00e5nes butik\",\"url\":\"https:\\\/\\\/hemslojdeniskanesbutik.se\\\/en\\\/\",\"logo\":{\"@type\":\"ImageObject\",\"inLanguage\":\"en-US\",\"@id\":\"https:\\\/\\\/hemslojdeniskanesbutik.se\\\/en\\\/#\\\/schema\\\/logo\\\/image\\\/\",\"url\":\"https:\\\/\\\/hemslojdeniskanesbutik.se\\\/wp-content\\\/uploads\\\/2021\\\/03\\\/hemslojden_logotyp_liggande_positiv_farg_rgb_highres.png\",\"contentUrl\":\"https:\\\/\\\/hemslojdeniskanesbutik.se\\\/wp-content\\\/uploads\\\/2021\\\/03\\\/hemslojden_logotyp_liggande_positiv_farg_rgb_highres.png\",\"width\":2737,\"height\":641,\"caption\":\"Hemsl\u00f6jden i Sk\u00e5nes butik\"},\"image\":{\"@id\":\"https:\\\/\\\/hemslojdeniskanesbutik.se\\\/en\\\/#\\\/schema\\\/logo\\\/image\\\/\"},\"sameAs\":[\"http:\\\/\\\/facebook.com\\\/hemslojdenskaneAB\",\"http:\\\/\\\/youtube.com\\\/slojdiskane\",\"https:\\\/\\\/www.instagram.com\\\/hemslojdeniskane\"]}]}<\/script>\n<!-- \/ Yoast SEO plugin. -->","yoast_head_json":{"title":"Broderade vantar - Hemsl\u00f6jden i Sk\u00e5nes butik","robots":{"index":"index","follow":"follow","max-snippet":"max-snippet:-1","max-image-preview":"max-image-preview:large","max-video-preview":"max-video-preview:-1"},"canonical":"https:\/\/hemslojdeniskanesbutik.se\/en\/produkt\/broderade-vantar-2\/","og_locale":"en_US","og_type":"article","og_title":"Broderade vantar - Hemsl\u00f6jden i Sk\u00e5nes butik","og_description":"F\u00f6rfattare: Lina Odell Fotograf: Calle Stoltz Utgiven: 2024 Antal sidor: 151","og_url":"https:\/\/hemslojdeniskanesbutik.se\/en\/produkt\/broderade-vantar-2\/","og_site_name":"Hemsl\u00f6jden i Sk\u00e5nes butik","article_publisher":"http:\/\/facebook.com\/hemslojdenskaneAB","og_image":[{"width":1865,"height":2560,"url":"https:\/\/hemslojdeniskanesbutik.se\/wp-content\/uploads\/2024\/08\/Broderade-vantar-scaled.jpg","type":"image\/jpeg"}],"twitter_card":"summary_large_image","twitter_misc":{"Est. reading time":"2 minutes"},"schema":{"@context":"https:\/\/schema.org","@graph":[{"@type":"WebPage","@id":"https:\/\/hemslojdeniskanesbutik.se\/en\/produkt\/broderade-vantar-2\/","url":"https:\/\/hemslojdeniskanesbutik.se\/en\/produkt\/broderade-vantar-2\/","name":"Broderade vantar - Hemsl\u00f6jden i Sk\u00e5nes butik","isPartOf":{"@id":"https:\/\/hemslojdeniskanesbutik.se\/en\/#website"},"primaryImageOfPage":{"@id":"https:\/\/hemslojdeniskanesbutik.se\/en\/produkt\/broderade-vantar-2\/#primaryimage"},"image":{"@id":"https:\/\/hemslojdeniskanesbutik.se\/en\/produkt\/broderade-vantar-2\/#primaryimage"},"thumbnailUrl":"https:\/\/hemslojdeniskanesbutik.se\/wp-content\/uploads\/2024\/08\/Broderade-vantar-scaled.jpg","datePublished":"2024-08-29T09:06:55+00:00","breadcrumb":{"@id":"https:\/\/hemslojdeniskanesbutik.se\/en\/produkt\/broderade-vantar-2\/#breadcrumb"},"inLanguage":"en-US","potentialAction":[{"@type":"ReadAction","target":["https:\/\/hemslojdeniskanesbutik.se\/en\/produkt\/broderade-vantar-2\/"]}]},{"@type":"ImageObject","inLanguage":"en-US","@id":"https:\/\/hemslojdeniskanesbutik.se\/en\/produkt\/broderade-vantar-2\/#primaryimage","url":"https:\/\/hemslojdeniskanesbutik.se\/wp-content\/uploads\/2024\/08\/Broderade-vantar-scaled.jpg","contentUrl":"https:\/\/hemslojdeniskanesbutik.se\/wp-content\/uploads\/2024\/08\/Broderade-vantar-scaled.jpg","width":1865,"height":2560,"caption":"LEADTOOLS v19.0"},{"@type":"BreadcrumbList","@id":"https:\/\/hemslojdeniskanesbutik.se\/en\/produkt\/broderade-vantar-2\/#breadcrumb","itemListElement":[{"@type":"ListItem","position":1,"name":"Start","item":"https:\/\/hemslojdeniskanesbutik.se\/en\/"},{"@type":"ListItem","position":2,"name":"Shop","item":"https:\/\/hemslojdeniskanesbutik.se\/en\/shop\/"},{"@type":"ListItem","position":3,"name":"Books","item":"https:\/\/hemslojdeniskanesbutik.se\/en\/product-category\/books\/"},{"@type":"ListItem","position":4,"name":"Broderade vantar"}]},{"@type":"WebSite","@id":"https:\/\/hemslojdeniskanesbutik.se\/en\/#website","url":"https:\/\/hemslojdeniskanesbutik.se\/en\/","name":"Hemsl\u00f6jden i Sk\u00e5nes butik","description":"Hemsl\u00f6jden i Sk\u00e5nes butik","publisher":{"@id":"https:\/\/hemslojdeniskanesbutik.se\/en\/#organization"},"potentialAction":[{"@type":"SearchAction","target":{"@type":"EntryPoint","urlTemplate":"https:\/\/hemslojdeniskanesbutik.se\/en\/?s={search_term_string}"},"query-input":{"@type":"PropertyValueSpecification","valueRequired":true,"valueName":"search_term_string"}}],"inLanguage":"en-US"},{"@type":"Organization","@id":"https:\/\/hemslojdeniskanesbutik.se\/en\/#organization","name":"Hemsl\u00f6jden i Sk\u00e5nes butik","url":"https:\/\/hemslojdeniskanesbutik.se\/en\/","logo":{"@type":"ImageObject","inLanguage":"en-US","@id":"https:\/\/hemslojdeniskanesbutik.se\/en\/#\/schema\/logo\/image\/","url":"https:\/\/hemslojdeniskanesbutik.se\/wp-content\/uploads\/2021\/03\/hemslojden_logotyp_liggande_positiv_farg_rgb_highres.png","contentUrl":"https:\/\/hemslojdeniskanesbutik.se\/wp-content\/uploads\/2021\/03\/hemslojden_logotyp_liggande_positiv_farg_rgb_highres.png","width":2737,"height":641,"caption":"Hemsl\u00f6jden i Sk\u00e5nes butik"},"image":{"@id":"https:\/\/hemslojdeniskanesbutik.se\/en\/#\/schema\/logo\/image\/"},"sameAs":["http:\/\/facebook.com\/hemslojdenskaneAB","http:\/\/youtube.com\/slojdiskane","https:\/\/www.instagram.com\/hemslojdeniskane"]}]}},"taxonomy_info":{"product_cat":[{"value":883,"label":"Books"}]},"featured_image_src_large":["https:\/\/hemslojdeniskanesbutik.se\/wp-content\/uploads\/2024\/08\/Broderade-vantar-746x1024.jpg",746,1024,true],"author_info":[],"comment_info":"","_links":{"self":[{"href":"https:\/\/hemslojdeniskanesbutik.se\/en\/wp-json\/wp\/v2\/product\/11610","targetHints":{"allow":["GET"]}}],"collection":[{"href":"https:\/\/hemslojdeniskanesbutik.se\/en\/wp-json\/wp\/v2\/product"}],"about":[{"href":"https:\/\/hemslojdeniskanesbutik.se\/en\/wp-json\/wp\/v2\/types\/product"}],"wp:featuredmedia":[{"embeddable":true,"href":"https:\/\/hemslojdeniskanesbutik.se\/en\/wp-json\/wp\/v2\/media\/11608"}],"wp:attachment":[{"href":"https:\/\/hemslojdeniskanesbutik.se\/en\/wp-json\/wp\/v2\/media?parent=11610"}],"wp:term":[{"taxonomy":"product_brand","embeddable":true,"href":"https:\/\/hemslojdeniskanesbutik.se\/en\/wp-json\/wp\/v2\/product_brand?post=11610"},{"taxonomy":"product_cat","embeddable":true,"href":"https:\/\/hemslojdeniskanesbutik.se\/en\/wp-json\/wp\/v2\/product_cat?post=11610"},{"taxonomy":"product_tag","embeddable":true,"href":"https:\/\/hemslojdeniskanesbutik.se\/en\/wp-json\/wp\/v2\/product_tag?post=11610"}],"curies":[{"name":"wp","href":"https:\/\/api.w.org\/{rel}","templated":true}]}}